{"id":6802,"date":"2024-09-16T13:36:19","date_gmt":"2024-09-16T12:36:19","guid":{"rendered":"https:\/\/redes.fa.ulisboa.pt\/members\/carolina-delgado\/"},"modified":"2024-09-16T13:59:10","modified_gmt":"2024-09-16T12:59:10","slug":"carolina-delgado","status":"publish","type":"page","link":"https:\/\/redes.fa.ulisboa.pt\/en\/members\/carolina-delgado\/","title":{"rendered":"Carolina Delgado"},"content":{"rendered":"\t\t<div data-elementor-type=\"wp-page\" data-elementor-id=\"6802\" class=\"elementor elementor-6802\" data-elementor-post-type=\"page\">\n\t\t\t\t\t\t<section class=\"elementor-section elementor-top-section elementor-element elementor-element-6e5b958 max-width--1000px content-centered elementor-section-boxed elementor-section-height-default elementor-section-height-default qodef-elementor-content-no\" data-id=\"6e5b958\" data-element_type=\"section\" data-e-type=\"section\">\n\t\t\t\t\t\t<div class=\"elementor-container elementor-column-gap-custom\">\n\t\t\t\t\t<div class=\"elementor-column elementor-col-33 elementor-top-column elementor-element elementor-element-8d0d886\" data-id=\"8d0d886\" data-element_type=\"column\" data-e-type=\"column\">\n\t\t\t<div class=\"elementor-widget-wrap elementor-element-populated\">\n\t\t\t\t\t\t<div class=\"elementor-element elementor-element-921f430 member-detail-img elementor-widget elementor-widget-image\" data-id=\"921f430\" data-element_type=\"widget\" data-e-type=\"widget\" data-widget_type=\"image.default\">\n\t\t\t\t<div class=\"elementor-widget-container\">\n\t\t\t\t\t\t\t\t\t\t\t\t\t\t\t<img fetchpriority=\"high\" decoding=\"async\" width=\"995\" height=\"995\" src=\"https:\/\/redes.fa.ulisboa.pt\/wp-content\/uploads\/2024\/09\/CD-foto.png\" class=\"attachment-large size-large wp-image-6796\" alt=\"REDES\" srcset=\"https:\/\/redes.fa.ulisboa.pt\/wp-content\/uploads\/2024\/09\/CD-foto.png 995w, https:\/\/redes.fa.ulisboa.pt\/wp-content\/uploads\/2024\/09\/CD-foto-300x300.png 300w, https:\/\/redes.fa.ulisboa.pt\/wp-content\/uploads\/2024\/09\/CD-foto-150x150.png 150w, https:\/\/redes.fa.ulisboa.pt\/wp-content\/uploads\/2024\/09\/CD-foto-768x768.png 768w, https:\/\/redes.fa.ulisboa.pt\/wp-content\/uploads\/2024\/09\/CD-foto-650x650.png 650w\" sizes=\"(max-width: 995px) 100vw, 995px\" \/>\t\t\t\t\t\t\t\t\t\t\t\t\t\t\t<\/div>\n\t\t\t\t<\/div>\n\t\t\t\t\t<\/div>\n\t\t<\/div>\n\t\t\t\t<div class=\"elementor-column elementor-col-66 elementor-top-column elementor-element elementor-element-44ce0f5\" data-id=\"44ce0f5\" data-element_type=\"column\" data-e-type=\"column\">\n\t\t\t<div class=\"elementor-widget-wrap elementor-element-populated\">\n\t\t\t\t\t\t<div class=\"elementor-element elementor-element-b377c04 elementor-widget elementor-widget-heading\" data-id=\"b377c04\" data-element_type=\"widget\" data-e-type=\"widget\" data-widget_type=\"heading.default\">\n\t\t\t\t<div class=\"elementor-widget-container\">\n\t\t\t\t\t<h1 class=\"elementor-heading-title elementor-size-xl\">Carolina Delgado<\/h1>\t\t\t\t<\/div>\n\t\t\t\t<\/div>\n\t\t\t\t<div class=\"elementor-element elementor-element-01c0327 elementor-widget elementor-widget-text-editor\" data-id=\"01c0327\" data-element_type=\"widget\" data-e-type=\"widget\" data-widget_type=\"text-editor.default\">\n\t\t\t\t<div class=\"elementor-widget-container\">\n\t\t\t\t\t\t\t\t\t<span style=\"font-family: Raleway, sans-serif; font-size: 17px; white-space-collapse: preserve; font-style: inherit; font-weight: inherit; letter-spacing: inherit; text-transform: inherit;\">PhD Student in Design funded by FCT PhD Studentship 2021.04708.BD with the \u2018Nature-Based Design: Reusable Packaging for Dry Food Bulk Consumption\u2019 project. <\/span>\n<p style=\"font-family: Raleway, sans-serif; font-size: 17px; white-space-collapse: preserve; font-style: inherit; font-weight: inherit; letter-spacing: inherit; text-transform: inherit;\">Research collaborator at CIAUD\u2014Research Centre for Architecture, Urbanism and Design, Lisbon School of Architecture, Universidade de Lisboa, and IFIMUP\u2014Institute of Physics for Advanced Materials, Nanotechnology and Photonics, operating at Faculty of Sciences, University of Porto.<\/p>\n<p style=\"font-family: Raleway, sans-serif; font-size: 17px; white-space-collapse: preserve; font-style: inherit; font-weight: inherit; letter-spacing: inherit; text-transform: inherit;\">At TextileLab Amsterdam, Waag\u2014Technology and Society (NL), she finished Fabricademy post-graduation\u2014Textile &amp; Technology Academy, an intersection of Textiles, Digital Fabrication and Biology (2019-2021). Carolina returns to TextileLab Amsterdam to develop practical research experimenting with seaweed bio-based materials for PhD research.<\/p>\n<p style=\"font-family: Raleway, sans-serif; font-size: 17px; white-space-collapse: preserve; font-style: inherit; font-weight: inherit; letter-spacing: inherit; text-transform: inherit;\">With an MA in Production Design from IADE\u2014Universidade Europeia (2018), she defended her master\u2019s dissertation, \u2018Sustainable Design Habits in Affordable Housing from the 50\u2019s,\u2019 with 18 values. With a degree in Visual Design (1999), Escola Superior de Design, IADE, worked as a Communication Designer and Creative Supervisor in Advertising, Design and Marketing in Creative Agencies and Pharmaceutical Industry.\nDuring these years, she took many complementary courses, such as:\n\u2022 Nature-Based Design at Faculty of Sciences, University of Lisbon (2018);\n\u2022 Sustainable Studies at the Institute of Social Sciences, University of Lisbon (2017).<\/p>\n<p style=\"font-family: Raleway, sans-serif; font-size: 17px; white-space-collapse: preserve; font-style: inherit; font-weight: inherit; letter-spacing: inherit; text-transform: inherit;\">Collaborator and co-authoring, published and presented in international peer-reviewed conferences and scientific journals.<\/p>\n<p style=\"font-family: Raleway, sans-serif; font-size: 17px; white-space-collapse: preserve; font-style: inherit; font-weight: inherit; letter-spacing: inherit; text-transform: inherit;\">As an invited teacher, she gave seminars on Circular Economy, Sustainable Design, and Bio-based Materials in Design courses at Universidade Lus\u00f3fona, IADE\u2014Universidade Europeia, and Re-Fresh Global, Tel Aviv (IL). Recently, she co-lectured Laboratory Practices with Bio-Materials\u2014a discipline organized for Architecture PhD students from the Lisbon School of Architecture (FAUL)\u2014lecturing a workshop on documenting protocols and experiments with bio-materials and assisting the students in the laboratory.<\/p>\n<p style=\"font-family: Raleway, sans-serif; font-size: 17px; white-space-collapse: preserve; font-style: inherit; font-weight: inherit; letter-spacing: inherit; text-transform: inherit;\">Currently, Carolina is developing her research in BioLab Lisboa, where she volunteers to instruct and support the biomaterials experiments of undergraduate students from high schools and colleges, such as Faculdade de Belas Artes (FBAL) and Escola Art\u00edstica Ant\u00f3nio Arroio. Additionally, she assists graduates in Fabricademy assignments and workshops on Biofabricating Materials for Casa Pia de Lisboa teachers.\n\n<\/p>\n<p style=\"font-family: Raleway, sans-serif; font-size: 17px; white-space-collapse: preserve; font-style: inherit; font-weight: inherit; letter-spacing: inherit; text-transform: inherit;\">Together with Designers from the Atlantic Futures Project and the Bauhaus of the Seas Sails, collaborates in the Seaweed Talks group in BioLab Lisboa, promoting the sustainable use of Atlantic resources.<\/p>\n<p style=\"font-family: Raleway, sans-serif; font-size: 17px; white-space-collapse: preserve; font-style: inherit; font-weight: inherit; letter-spacing: inherit; text-transform: inherit;\">Carolina is an associate member of  ZERO &#8211; Associa\u00e7\u00e3o Sistema Terrestre Sustent\u00e1vel and The Fablab Network.<\/p>\t\t\t\t\t\t\t\t<\/div>\n\t\t\t\t<\/div>\n\t\t\t\t<div class=\"elementor-element elementor-element-a788a78 elementor-widget elementor-widget-text-editor\" data-id=\"a788a78\" data-element_type=\"widget\" data-e-type=\"widget\" data-widget_type=\"text-editor.default\">\n\t\t\t\t<div class=\"elementor-widget-container\">\n\t\t\t\t\t\t\t\t\t<p><a href=\"carolinavcdelgado@gmail.com\"><span style=\"font-weight: 400;\">carolinavcdelgado@gmail.com<\/span><\/a><\/p><p><strong>Ci\u00eancia ID:<\/strong> 5A14-5419-0F3B<\/p><p><strong>ORCID:<\/strong> 0000-0003-2904-1829<\/p>\t\t\t\t\t\t\t\t<\/div>\n\t\t\t\t<\/div>\n\t\t\t\t\t<\/div>\n\t\t<\/div>\n\t\t\t\t\t<\/div>\n\t\t<\/section>\n\t\t\t\t<section class=\"elementor-section elementor-top-section elementor-element elementor-element-ee143ef max-width--900px content-centered elementor-section-boxed elementor-section-height-default elementor-section-height-default qodef-elementor-content-no\" data-id=\"ee143ef\" data-element_type=\"section\" data-e-type=\"section\">\n\t\t\t\t\t\t<div class=\"elementor-container elementor-column-gap-default\">\n\t\t\t\t\t<div class=\"elementor-column elementor-col-100 elementor-top-column elementor-element elementor-element-26ac852\" data-id=\"26ac852\" data-element_type=\"column\" data-e-type=\"column\">\n\t\t\t<div class=\"elementor-widget-wrap elementor-element-populated\">\n\t\t\t\t\t\t<div class=\"elementor-element elementor-element-ac35932 elementor-widget elementor-widget-text-editor\" data-id=\"ac35932\" data-element_type=\"widget\" data-e-type=\"widget\" data-widget_type=\"text-editor.default\">\n\t\t\t\t<div class=\"elementor-widget-container\">\n\t\t\t\t\t\t\t\t\t<p><a class=\"news-back-btn\" href=\"https:\/\/redes.fa.ulisboa.pt\/members\/\">\u2190 Back to Members<\/a><\/p>\t\t\t\t\t\t\t\t<\/div>\n\t\t\t\t<\/div>\n\t\t\t\t\t<\/div>\n\t\t<\/div>\n\t\t\t\t\t<\/div>\n\t\t<\/section>\n\t\t\t\t<\/div>\n\t\t","protected":false},"excerpt":{"rendered":"<p>Carolina Delgado PhD Student in Design funded by FCT PhD Studentship 2021.04708.BD with the \u2018Nature-Based Design: Reusable Packaging for Dry Food Bulk Consumption\u2019 project. Research collaborator at CIAUD\u2014Research Centre for Architecture, Urbanism and Design, Lisbon School of Architecture, Universidade de Lisboa, and IFIMUP\u2014Institute of Physics for Advanced Materials, Nanotechnology and Photonics, operating at Faculty of [&hellip;]<\/p>\n","protected":false},"author":1,"featured_media":0,"parent":3943,"menu_order":16,"comment_status":"closed","ping_status":"closed","template":"","meta":{"inline_featured_image":false,"footnotes":""},"class_list":["post-6802","page","type-page","status-publish","hentry"],"yoast_head":"<!-- This site is optimized with the Yoast SEO plugin v27.5 - https:\/\/yoast.com\/product\/yoast-seo-wordpress\/ -->\n<title>Carolina Delgado - REDES<\/title>\n<meta name=\"robots\" content=\"index, follow, max-snippet:-1, max-image-preview:large, max-video-preview:-1\" \/>\n<link rel=\"canonical\" href=\"https:\/\/redes.fa.ulisboa.pt\/en\/membros\/carolina-delgado\/\" \/>\n<meta property=\"og:locale\" content=\"en_US\" \/>\n<meta property=\"og:type\" content=\"article\" \/>\n<meta property=\"og:title\" content=\"Carolina Delgado - REDES\" \/>\n<meta property=\"og:description\" content=\"Carolina Delgado PhD Student in Design funded by FCT PhD Studentship 2021.04708.BD with the \u2018Nature-Based Design: Reusable Packaging for Dry Food Bulk Consumption\u2019 project. Research collaborator at CIAUD\u2014Research Centre for Architecture, Urbanism and Design, Lisbon School of Architecture, Universidade de Lisboa, and IFIMUP\u2014Institute of Physics for Advanced Materials, Nanotechnology and Photonics, operating at Faculty of [&hellip;]\" \/>\n<meta property=\"og:url\" content=\"https:\/\/redes.fa.ulisboa.pt\/membros\/carolina-delgado\/\" \/>\n<meta property=\"og:site_name\" content=\"REDES\" \/>\n<meta property=\"article:modified_time\" content=\"2024-09-16T12:59:10+00:00\" \/>\n<meta property=\"og:image\" content=\"https:\/\/redes.fa.ulisboa.pt\/wp-content\/uploads\/2024\/09\/CD-foto.png\" \/>\n<meta name=\"twitter:card\" content=\"summary_large_image\" \/>\n<meta name=\"twitter:label1\" content=\"Est. reading time\" \/>\n\t<meta name=\"twitter:data1\" content=\"2 minutes\" \/>\n<script type=\"application\/ld+json\" class=\"yoast-schema-graph\">{\"@context\":\"https:\\\/\\\/schema.org\",\"@graph\":[{\"@type\":\"WebPage\",\"@id\":\"https:\\\/\\\/redes.fa.ulisboa.pt\\\/membros\\\/carolina-delgado\\\/\",\"url\":\"https:\\\/\\\/redes.fa.ulisboa.pt\\\/membros\\\/carolina-delgado\\\/\",\"name\":\"Carolina Delgado - REDES\",\"isPartOf\":{\"@id\":\"https:\\\/\\\/redes.fa.ulisboa.pt\\\/#website\"},\"primaryImageOfPage\":{\"@id\":\"https:\\\/\\\/redes.fa.ulisboa.pt\\\/membros\\\/carolina-delgado\\\/#primaryimage\"},\"image\":{\"@id\":\"https:\\\/\\\/redes.fa.ulisboa.pt\\\/membros\\\/carolina-delgado\\\/#primaryimage\"},\"thumbnailUrl\":\"https:\\\/\\\/redes.fa.ulisboa.pt\\\/wp-content\\\/uploads\\\/2024\\\/09\\\/CD-foto.png\",\"datePublished\":\"2024-09-16T12:36:19+00:00\",\"dateModified\":\"2024-09-16T12:59:10+00:00\",\"breadcrumb\":{\"@id\":\"https:\\\/\\\/redes.fa.ulisboa.pt\\\/membros\\\/carolina-delgado\\\/#breadcrumb\"},\"inLanguage\":\"en-US\",\"potentialAction\":[{\"@type\":\"ReadAction\",\"target\":[\"https:\\\/\\\/redes.fa.ulisboa.pt\\\/membros\\\/carolina-delgado\\\/\"]}]},{\"@type\":\"ImageObject\",\"inLanguage\":\"en-US\",\"@id\":\"https:\\\/\\\/redes.fa.ulisboa.pt\\\/membros\\\/carolina-delgado\\\/#primaryimage\",\"url\":\"https:\\\/\\\/redes.fa.ulisboa.pt\\\/wp-content\\\/uploads\\\/2024\\\/09\\\/CD-foto.png\",\"contentUrl\":\"https:\\\/\\\/redes.fa.ulisboa.pt\\\/wp-content\\\/uploads\\\/2024\\\/09\\\/CD-foto.png\"},{\"@type\":\"BreadcrumbList\",\"@id\":\"https:\\\/\\\/redes.fa.ulisboa.pt\\\/membros\\\/carolina-delgado\\\/#breadcrumb\",\"itemListElement\":[{\"@type\":\"ListItem\",\"position\":1,\"name\":\"Home\",\"item\":\"https:\\\/\\\/redes.fa.ulisboa.pt\\\/en\\\/\"},{\"@type\":\"ListItem\",\"position\":2,\"name\":\"Members\",\"item\":\"https:\\\/\\\/redes.fa.ulisboa.pt\\\/en\\\/members\\\/\"},{\"@type\":\"ListItem\",\"position\":3,\"name\":\"Carolina Delgado\"}]},{\"@type\":\"WebSite\",\"@id\":\"https:\\\/\\\/redes.fa.ulisboa.pt\\\/#website\",\"url\":\"https:\\\/\\\/redes.fa.ulisboa.pt\\\/\",\"name\":\"REDES\",\"description\":\"Research &amp; Education in Design\",\"publisher\":{\"@id\":\"https:\\\/\\\/redes.fa.ulisboa.pt\\\/#organization\"},\"potentialAction\":[{\"@type\":\"SearchAction\",\"target\":{\"@type\":\"EntryPoint\",\"urlTemplate\":\"https:\\\/\\\/redes.fa.ulisboa.pt\\\/?s={search_term_string}\"},\"query-input\":{\"@type\":\"PropertyValueSpecification\",\"valueRequired\":true,\"valueName\":\"search_term_string\"}}],\"inLanguage\":\"en-US\"},{\"@type\":\"Organization\",\"@id\":\"https:\\\/\\\/redes.fa.ulisboa.pt\\\/#organization\",\"name\":\"REDES\",\"url\":\"https:\\\/\\\/redes.fa.ulisboa.pt\\\/\",\"logo\":{\"@type\":\"ImageObject\",\"inLanguage\":\"en-US\",\"@id\":\"https:\\\/\\\/redes.fa.ulisboa.pt\\\/#\\\/schema\\\/logo\\\/image\\\/\",\"url\":\"https:\\\/\\\/redes.fa.ulisboa.pt\\\/wp-content\\\/uploads\\\/2022\\\/08\\\/logo.svg\",\"contentUrl\":\"https:\\\/\\\/redes.fa.ulisboa.pt\\\/wp-content\\\/uploads\\\/2022\\\/08\\\/logo.svg\",\"width\":378,\"height\":235,\"caption\":\"REDES\"},\"image\":{\"@id\":\"https:\\\/\\\/redes.fa.ulisboa.pt\\\/#\\\/schema\\\/logo\\\/image\\\/\"}}]}<\/script>\n<!-- \/ Yoast SEO plugin. -->","yoast_head_json":{"title":"Carolina Delgado - REDES","robots":{"index":"index","follow":"follow","max-snippet":"max-snippet:-1","max-image-preview":"max-image-preview:large","max-video-preview":"max-video-preview:-1"},"canonical":"https:\/\/redes.fa.ulisboa.pt\/en\/membros\/carolina-delgado\/","og_locale":"en_US","og_type":"article","og_title":"Carolina Delgado - REDES","og_description":"Carolina Delgado PhD Student in Design funded by FCT PhD Studentship 2021.04708.BD with the \u2018Nature-Based Design: Reusable Packaging for Dry Food Bulk Consumption\u2019 project. Research collaborator at CIAUD\u2014Research Centre for Architecture, Urbanism and Design, Lisbon School of Architecture, Universidade de Lisboa, and IFIMUP\u2014Institute of Physics for Advanced Materials, Nanotechnology and Photonics, operating at Faculty of [&hellip;]","og_url":"https:\/\/redes.fa.ulisboa.pt\/membros\/carolina-delgado\/","og_site_name":"REDES","article_modified_time":"2024-09-16T12:59:10+00:00","og_image":[{"url":"https:\/\/redes.fa.ulisboa.pt\/wp-content\/uploads\/2024\/09\/CD-foto.png","type":"","width":"","height":""}],"twitter_card":"summary_large_image","twitter_misc":{"Est. reading time":"2 minutes"},"schema":{"@context":"https:\/\/schema.org","@graph":[{"@type":"WebPage","@id":"https:\/\/redes.fa.ulisboa.pt\/membros\/carolina-delgado\/","url":"https:\/\/redes.fa.ulisboa.pt\/membros\/carolina-delgado\/","name":"Carolina Delgado - REDES","isPartOf":{"@id":"https:\/\/redes.fa.ulisboa.pt\/#website"},"primaryImageOfPage":{"@id":"https:\/\/redes.fa.ulisboa.pt\/membros\/carolina-delgado\/#primaryimage"},"image":{"@id":"https:\/\/redes.fa.ulisboa.pt\/membros\/carolina-delgado\/#primaryimage"},"thumbnailUrl":"https:\/\/redes.fa.ulisboa.pt\/wp-content\/uploads\/2024\/09\/CD-foto.png","datePublished":"2024-09-16T12:36:19+00:00","dateModified":"2024-09-16T12:59:10+00:00","breadcrumb":{"@id":"https:\/\/redes.fa.ulisboa.pt\/membros\/carolina-delgado\/#breadcrumb"},"inLanguage":"en-US","potentialAction":[{"@type":"ReadAction","target":["https:\/\/redes.fa.ulisboa.pt\/membros\/carolina-delgado\/"]}]},{"@type":"ImageObject","inLanguage":"en-US","@id":"https:\/\/redes.fa.ulisboa.pt\/membros\/carolina-delgado\/#primaryimage","url":"https:\/\/redes.fa.ulisboa.pt\/wp-content\/uploads\/2024\/09\/CD-foto.png","contentUrl":"https:\/\/redes.fa.ulisboa.pt\/wp-content\/uploads\/2024\/09\/CD-foto.png"},{"@type":"BreadcrumbList","@id":"https:\/\/redes.fa.ulisboa.pt\/membros\/carolina-delgado\/#breadcrumb","itemListElement":[{"@type":"ListItem","position":1,"name":"Home","item":"https:\/\/redes.fa.ulisboa.pt\/en\/"},{"@type":"ListItem","position":2,"name":"Members","item":"https:\/\/redes.fa.ulisboa.pt\/en\/members\/"},{"@type":"ListItem","position":3,"name":"Carolina Delgado"}]},{"@type":"WebSite","@id":"https:\/\/redes.fa.ulisboa.pt\/#website","url":"https:\/\/redes.fa.ulisboa.pt\/","name":"REDES","description":"Research &amp; Education in Design","publisher":{"@id":"https:\/\/redes.fa.ulisboa.pt\/#organization"},"potentialAction":[{"@type":"SearchAction","target":{"@type":"EntryPoint","urlTemplate":"https:\/\/redes.fa.ulisboa.pt\/?s={search_term_string}"},"query-input":{"@type":"PropertyValueSpecification","valueRequired":true,"valueName":"search_term_string"}}],"inLanguage":"en-US"},{"@type":"Organization","@id":"https:\/\/redes.fa.ulisboa.pt\/#organization","name":"REDES","url":"https:\/\/redes.fa.ulisboa.pt\/","logo":{"@type":"ImageObject","inLanguage":"en-US","@id":"https:\/\/redes.fa.ulisboa.pt\/#\/schema\/logo\/image\/","url":"https:\/\/redes.fa.ulisboa.pt\/wp-content\/uploads\/2022\/08\/logo.svg","contentUrl":"https:\/\/redes.fa.ulisboa.pt\/wp-content\/uploads\/2022\/08\/logo.svg","width":378,"height":235,"caption":"REDES"},"image":{"@id":"https:\/\/redes.fa.ulisboa.pt\/#\/schema\/logo\/image\/"}}]}},"_links":{"self":[{"href":"https:\/\/redes.fa.ulisboa.pt\/en\/wp-json\/wp\/v2\/pages\/6802","targetHints":{"allow":["GET"]}}],"collection":[{"href":"https:\/\/redes.fa.ulisboa.pt\/en\/wp-json\/wp\/v2\/pages"}],"about":[{"href":"https:\/\/redes.fa.ulisboa.pt\/en\/wp-json\/wp\/v2\/types\/page"}],"author":[{"embeddable":true,"href":"https:\/\/redes.fa.ulisboa.pt\/en\/wp-json\/wp\/v2\/users\/1"}],"replies":[{"embeddable":true,"href":"https:\/\/redes.fa.ulisboa.pt\/en\/wp-json\/wp\/v2\/comments?post=6802"}],"version-history":[{"count":42,"href":"https:\/\/redes.fa.ulisboa.pt\/en\/wp-json\/wp\/v2\/pages\/6802\/revisions"}],"predecessor-version":[{"id":6870,"href":"https:\/\/redes.fa.ulisboa.pt\/en\/wp-json\/wp\/v2\/pages\/6802\/revisions\/6870"}],"up":[{"embeddable":true,"href":"https:\/\/redes.fa.ulisboa.pt\/en\/wp-json\/wp\/v2\/pages\/3943"}],"wp:attachment":[{"href":"https:\/\/redes.fa.ulisboa.pt\/en\/wp-json\/wp\/v2\/media?parent=6802"}],"curies":[{"name":"wp","href":"https:\/\/api.w.org\/{rel}","templated":true}]}}